{"id":286,"date":"2020-09-06T18:14:01","date_gmt":"2020-09-06T17:14:01","guid":{"rendered":"http:\/\/verwoehnedeinefuesse.de\/?page_id=286"},"modified":"2026-01-15T21:50:36","modified_gmt":"2026-01-15T20:50:36","slug":"datenschutzerklaerung","status":"publish","type":"page","link":"https:\/\/verwoehnedeinefuesse.de\/de\/datenschutzerklaerung\/","title":{"rendered":"Datenschutzerkl\u00e4rung"},"content":{"rendered":"\r\n<h1 class=\"adsimple-311210117 wp-block-heading\" data-fontsize=\"32\" data-lineheight=\"44\">Datenschutzerkl\u00e4rung<\/h1>\r\n<h3 data-start=\"489\" data-end=\"512\">Verantwortlicher<\/h3>\r\n<p data-start=\"514\" data-end=\"578\">Verantwortlich f\u00fcr die Datenverarbeitung auf dieser Website ist:<\/p>\r\n<p data-start=\"580\" data-end=\"759\">Guido St\u00f6cker<br data-start=\"627\" data-end=\"630\" \/>Rieselfeldallee 12<br data-start=\"653\" data-end=\"656\" \/>79111 Freiburg im Breisgau<br data-start=\"697\" data-end=\"700\" \/>Telefon: 0175\/5744688<br data-start=\"728\" data-end=\"731\" \/>E-Mail:\u00a0g.stoecker@berlin.de<\/p>\r\n<hr data-start=\"761\" data-end=\"764\" \/>\r\n<h3 data-start=\"766\" data-end=\"814\">2. Allgemeine Hinweise zur Datenverarbeitung<\/h3>\r\n<p data-start=\"816\" data-end=\"1060\">Der Schutz Ihrer personenbezogenen Daten ist uns ein wichtiges Anliegen.<br data-start=\"888\" data-end=\"891\" \/>Wir verarbeiten Ihre Daten ausschlie\u00dflich auf Grundlage der gesetzlichen Bestimmungen der Datenschutz-Grundverordnung (DSGVO) sowie des Bundesdatenschutzgesetzes (BDSG).<\/p>\r\n<p data-start=\"1062\" data-end=\"1225\">Diese Website dient ausschlie\u00dflich der Information \u00fcber unsere Leistungen.<br data-start=\"1136\" data-end=\"1139\" \/>Eine Kontaktaufnahme \u00fcber Formulare oder eine Online-Terminbuchung findet nicht statt.<\/p>\r\n<hr data-start=\"1227\" data-end=\"1230\" \/>\r\n<h3 data-start=\"1232\" data-end=\"1286\">3. Automatische Datenspeicherung (Server-Logfiles)<\/h3>\r\n<p data-start=\"1288\" data-end=\"1457\">Beim Besuch dieser Website werden durch den Webserver automatisch Informationen erfasst und in sogenannten\u00a0<strong data-start=\"1395\" data-end=\"1414\">Server-Logfiles<\/strong>\u00a0gespeichert. Diese Informationen umfassen:<\/p>\r\n<p data-start=\"1461\" data-end=\"1494\">IP-Adresse des anfragenden Ger\u00e4ts<\/p>\r\n<p data-start=\"1497\" data-end=\"1527\">Datum und Uhrzeit des Zugriffs<\/p>\r\n<p data-start=\"1530\" data-end=\"1558\">aufgerufene Seite bzw. Datei<\/p>\r\n<p data-start=\"1561\" data-end=\"1599\">verwendeter Browser und Browserversion<\/p>\r\n<p data-start=\"1602\" data-end=\"1628\">verwendetes Betriebssystem<\/p>\r\n<p data-start=\"1631\" data-end=\"1666\">Referrer-URL (zuvor besuchte Seite)<\/p>\r\n<p data-start=\"1669\" data-end=\"1703\">Hostname des zugreifenden Rechners<\/p>\r\n<p data-start=\"1705\" data-end=\"1848\"><strong data-start=\"1705\" data-end=\"1732\">Zweck der Verarbeitung:<\/strong><br data-start=\"1732\" data-end=\"1735\" \/>Gew\u00e4hrleistung eines reibungslosen Verbindungsaufbaus der Website, Systemsicherheit und technische Fehleranalyse.<\/p>\r\n<p data-start=\"1850\" data-end=\"1924\"><strong data-start=\"1850\" data-end=\"1870\">Rechtsgrundlage:<\/strong><br data-start=\"1870\" data-end=\"1873\" \/>Art. 6 Abs. 1 lit. f DSGVO (berechtigtes Interesse)<\/p>\r\n<p data-start=\"1926\" data-end=\"2048\"><strong data-start=\"1926\" data-end=\"1944\">Speicherdauer:<\/strong><br data-start=\"1944\" data-end=\"1947\" \/>Die Server-Logfiles werden f\u00fcr maximal\u00a0<strong data-start=\"1986\" data-end=\"1997\">14 Tage<\/strong>\u00a0gespeichert und anschlie\u00dfend automatisch gel\u00f6scht.<\/p>\r\n<p data-start=\"2050\" data-end=\"2128\">Eine Zusammenf\u00fchrung dieser Daten mit anderen Datenquellen findet nicht statt.<\/p>\r\n<hr data-start=\"2130\" data-end=\"2133\" \/>\r\n<h3 data-start=\"2135\" data-end=\"2168\">4. Keine Weitergabe von Daten<\/h3>\r\n<p data-start=\"2170\" data-end=\"2293\">Ihre personenbezogenen Daten werden\u00a0<strong data-start=\"2206\" data-end=\"2239\">nicht an Dritte weitergegeben<\/strong>, sofern keine gesetzliche Verpflichtung dazu besteht.<\/p>\r\n<hr data-start=\"2295\" data-end=\"2298\" \/>\r\n<h3 data-start=\"2300\" data-end=\"2338\">5. Keine Cookies und kein Tracking<\/h3>\r\n<p data-start=\"2340\" data-end=\"2364\">Diese Website verwendet:<\/p>\r\n<ul data-start=\"2366\" data-end=\"2521\">\r\n<li data-start=\"2366\" data-end=\"2419\">\r\n<p data-start=\"2368\" data-end=\"2419\">&#x274c; keine Cookies zu Analyse- oder Marketingzwecken<\/p>\r\n<\/li>\r\n<li data-start=\"2420\" data-end=\"2488\">\r\n<p data-start=\"2422\" data-end=\"2488\">&#x274c; keine Webanalyse- oder Tracking-Tools (z. B. Google Analytics)<\/p>\r\n<\/li>\r\n<li data-start=\"2489\" data-end=\"2521\">\r\n<p data-start=\"2491\" data-end=\"2521\">&#x274c; keine Social-Media-Plugins<\/p>\r\n<\/li>\r\n<\/ul>\r\n<p data-start=\"2523\" data-end=\"2578\">Es erfolgt\u00a0<strong data-start=\"2534\" data-end=\"2577\">keine Auswertung Ihres Nutzerverhaltens<\/strong>.<\/p>\r\n<hr data-start=\"2580\" data-end=\"2583\" \/>\r\n<h3 data-start=\"2585\" data-end=\"2618\">6. TLS-\/HTTPS-Verschl\u00fcsselung<\/h3>\r\n<p data-start=\"2620\" data-end=\"2864\">Diese Website nutzt aus Sicherheitsgr\u00fcnden eine\u00a0<strong data-start=\"2668\" data-end=\"2699\">TLS-Verschl\u00fcsselung (HTTPS)<\/strong>.<br data-start=\"2700\" data-end=\"2703\" \/>Dadurch werden \u00fcbertragene Daten vor dem Zugriff Dritter gesch\u00fctzt.<br data-start=\"2770\" data-end=\"2773\" \/>Sie erkennen die verschl\u00fcsselte Verbindung an \u201ehttps:\/\/\u201c in der Adresszeile Ihres Browsers.<\/p>\r\n<hr data-start=\"2866\" data-end=\"2869\" \/>\r\n<h3 data-start=\"2871\" data-end=\"2904\">7. Ihre Rechte nach der DSGVO<\/h3>\r\n<p data-start=\"2906\" data-end=\"2940\">Sie haben jederzeit das Recht auf:<\/p>\r\n<ul data-start=\"2942\" data-end=\"3227\">\r\n<li data-start=\"2942\" data-end=\"2998\">\r\n<p data-start=\"2944\" data-end=\"2998\">Auskunft \u00fcber Ihre gespeicherten Daten (Art. 15 DSGVO)<\/p>\r\n<\/li>\r\n<li data-start=\"2999\" data-end=\"3047\">\r\n<p data-start=\"3001\" data-end=\"3047\">Berichtigung unrichtiger Daten (Art. 16 DSGVO)<\/p>\r\n<\/li>\r\n<li data-start=\"3048\" data-end=\"3086\">\r\n<p data-start=\"3050\" data-end=\"3086\">L\u00f6schung Ihrer Daten (Art. 17 DSGVO)<\/p>\r\n<\/li>\r\n<li data-start=\"3087\" data-end=\"3135\">\r\n<p data-start=\"3089\" data-end=\"3135\">Einschr\u00e4nkung der Verarbeitung (Art. 18 DSGVO)<\/p>\r\n<\/li>\r\n<li data-start=\"3136\" data-end=\"3174\">\r\n<p data-start=\"3138\" data-end=\"3174\">Daten\u00fcbertragbarkeit (Art. 20 DSGVO)<\/p>\r\n<\/li>\r\n<li data-start=\"3175\" data-end=\"3227\">\r\n<p data-start=\"3177\" data-end=\"3227\">Widerspruch gegen die Verarbeitung (Art. 21 DSGVO)<\/p>\r\n<\/li>\r\n<\/ul>\r\n<p data-start=\"3229\" data-end=\"3324\">Zur Wahrnehmung Ihrer Rechte wenden Sie sich bitte an die oben genannte verantwortliche Stelle.<\/p>\r\n<hr data-start=\"3326\" data-end=\"3329\" \/>\r\n<h3 data-start=\"3331\" data-end=\"3378\">8. Beschwerderecht bei der Aufsichtsbeh\u00f6rde<\/h3>\r\n<p data-start=\"3380\" data-end=\"3568\">Wenn Sie der Ansicht sind, dass die Verarbeitung Ihrer personenbezogenen Daten gegen die DSGVO verst\u00f6\u00dft, haben Sie das Recht auf Beschwerde bei der zust\u00e4ndigen Datenschutzaufsichtsbeh\u00f6rde.<\/p>\r\n<p data-start=\"3570\" data-end=\"3666\">Zust\u00e4ndig ist die Datenschutzbeh\u00f6rde des Bundeslandes, in dem unser Unternehmen seinen Sitz hat.<\/p>\r\n<hr data-start=\"3668\" data-end=\"3671\" \/>\r\n<h3 data-start=\"3673\" data-end=\"3731\">9. Aktualit\u00e4t und \u00c4nderung dieser Datenschutzerkl\u00e4rung<\/h3>\r\n<p data-start=\"3733\" data-end=\"3875\">Diese Datenschutzerkl\u00e4rung hat den Stand <strong data-start=\"3774\" data-end=\"3790\">Janaur 2026<\/strong><br data-start=\"3791\" data-end=\"3794\" \/>Wir behalten uns vor, sie bei rechtlichen oder technischen \u00c4nderungen anzupassen.<\/p>\r\n","protected":false},"excerpt":{"rendered":"<p>Datenschutzerkl\u00e4rung Verantwortlicher Verantwortlich f\u00fcr die Datenverarbeitung auf dieser Website ist: Guido St\u00f6ckerRieselfeldallee 1279111 Freiburg im BreisgauTelefon: 0175\/5744688E-Mail:\u00a0g.stoecker@berlin.de 2. Allgemeine Hinweise zur Datenverarbeitung Der Schutz Ihrer personenbezogenen Daten ist uns ein wichtiges Anliegen.Wir verarbeiten Ihre Daten ausschlie\u00dflich auf Grundlage der gesetzlichen Bestimmungen der Datenschutz-Grundverordnung (DSGVO) sowie des Bundesdatenschutzgesetzes (BDSG). Diese Website dient ausschlie\u00dflich der Information \u00fcber &hellip; <\/p>\n<p class=\"link-more\"><a href=\"https:\/\/verwoehnedeinefuesse.de\/de\/datenschutzerklaerung\/\" class=\"more-link\"><span class=\"screen-reader-text\">\u201eDatenschutzerkl\u00e4rung\u201c <\/span>weiterlesen<\/a><\/p>\n","protected":false},"author":1,"featured_media":0,"parent":0,"menu_order":0,"comment_status":"closed","ping_status":"closed","template":"","meta":{"footnotes":""},"class_list":["post-286","page","type-page","status-publish","hentry"],"_links":{"self":[{"href":"https:\/\/verwoehnedeinefuesse.de\/de\/wp-json\/wp\/v2\/pages\/286","targetHints":{"allow":["GET"]}}],"collection":[{"href":"https:\/\/verwoehnedeinefuesse.de\/de\/wp-json\/wp\/v2\/pages"}],"about":[{"href":"https:\/\/verwoehnedeinefuesse.de\/de\/wp-json\/wp\/v2\/types\/page"}],"author":[{"embeddable":true,"href":"https:\/\/verwoehnedeinefuesse.de\/de\/wp-json\/wp\/v2\/users\/1"}],"replies":[{"embeddable":true,"href":"https:\/\/verwoehnedeinefuesse.de\/de\/wp-json\/wp\/v2\/comments?post=286"}],"version-history":[{"count":5,"href":"https:\/\/verwoehnedeinefuesse.de\/de\/wp-json\/wp\/v2\/pages\/286\/revisions"}],"predecessor-version":[{"id":489,"href":"https:\/\/verwoehnedeinefuesse.de\/de\/wp-json\/wp\/v2\/pages\/286\/revisions\/489"}],"wp:attachment":[{"href":"https:\/\/verwoehnedeinefuesse.de\/de\/wp-json\/wp\/v2\/media?parent=286"}],"curies":[{"name":"wp","href":"https:\/\/api.w.org\/{rel}","templated":true}]}}