{"id":31,"date":"2020-07-19T17:00:37","date_gmt":"2020-07-19T16:00:37","guid":{"rendered":"http:\/\/verwoehnedeinefuesse.de\/?page_id=31"},"modified":"2026-01-15T21:26:34","modified_gmt":"2026-01-15T20:26:34","slug":"startseite","status":"publish","type":"page","link":"https:\/\/verwoehnedeinefuesse.de\/de\/","title":{"rendered":"Startseite"},"content":{"rendered":"<p><strong>15. Januar 2026. Wichtiger Hinweis:<\/strong><br \/>\n<strong>Um meinen Kundinnen und Kunden weiterhin die gewohnte Sorgfalt, Qualit\u00e4t und F\u00fcrsorge bieten zu k\u00f6nnen, ist mein Terminkalender derzeit vollst\u00e4ndig ausgelastet. Aus diesem Grund kann ich aktuell leider keine neuen Kundinnen oder Kunden aufnehmen.\u00a0<\/strong><br \/>\n<strong>Sobald wieder Kapazit\u00e4ten frei werden, informiere ich an dieser Stelle dar\u00fcber.<\/strong><br \/>\n<strong>Herzlichen Dank f\u00fcr Ihr Verst\u00e4ndnis.<\/strong><\/p>\n<p><strong>Deine Aurora Albalat<\/strong><\/p>\n<p>&nbsp;<\/p>\n<p><strong><em>F\u00fchlst du dich ersch\u00f6pft, energielos und vom Stress \u00fcberw\u00e4ltigt?<br \/>\nHast du in letzter Zeit die Pflege deiner F\u00fc\u00dfe vernachl\u00e4ssigt?<br \/>\n<strong><em>Wie lange ist es her, dass du dir einen Moment f\u00fcr dich selbst geg\u00f6nnt hast?<br \/>\n<strong><em> Suchst du eine qualitativ hochwertige medizinische Fu\u00dfpflege oder eine wohltuende Fu\u00dfmassage?<\/em><\/strong><\/em><\/strong><\/em><\/strong><\/p>\n<p>Hallo, mein Name ist <strong><em>Aurora Albalat<\/em><\/strong>, und bei <strong><em>Verw\u00f6hne deine F\u00fc\u00dfe<\/em><\/strong> helfe ich Menschen, sowohl ihren K\u00f6rper als auch ihren Geist durch Fu\u00dfpflege zu verw\u00f6hnen, sei es mit einer medizinischen Fu\u00dfpflege oder einer entspannenden Fu\u00dfmassage.<\/p>\n<p>Bei <strong><em>Verw\u00f6hne deine F\u00fc\u00dfe <\/em><\/strong>biete ich dir die einzigartige Erfahrung einer Fu\u00dfmassage mit \u00e4therischen \u00d6len, bei der du sp\u00fcren wirst, wie dein ganzer K\u00f6rper es dir dankt. Du wirst sofort die entspannende Wirkung sowohl auf deinen K\u00f6rper als auch auf deinen Geist erleben.<\/p>\n<p>Um den maximale Effektivit\u00e4t der Massage zu gew\u00e4hrleisten, ist es wichtig, jegliche physische Barriere an deinen F\u00fc\u00dfen, wie verhornte Haut oder schmerzhafte Schwielen, vorab zu entfernen, damit du den heilenden Ber\u00fchrungen meiner H\u00e4nde vollst\u00e4ndig genie\u00dfen kannst.<\/p>\n<p>Daher kannst du bei <strong>Verw\u00f6hne deine F\u00fc\u00dfe<\/strong> auch von einer medizinischen Fu\u00dfpflege profitieren, die nicht nur versch\u00f6nert, sondern auch deine Gesundheit und dein Wohlbefinden f\u00f6rdert.<\/p>\n<p>Kombiniere beide Optionen in einem Besuch und lasse deine F\u00fc\u00dfe sowohl \u00e4sthetisch als auch energetisch optimal aussehen und sich optimal anf\u00fchlen.<\/p>\n<p>Bei <strong>Verw\u00f6hne deine F\u00fc\u00dfe<\/strong> stehen dein Wohlbefinden und deine Entspannung durch deine F\u00fc\u00dfe an oberster Stelle.<\/p>\n<p>&nbsp;<\/p>\n","protected":false},"excerpt":{"rendered":"<p>15. Januar 2026. Wichtiger Hinweis: Um meinen Kundinnen und Kunden weiterhin die gewohnte Sorgfalt, Qualit\u00e4t und F\u00fcrsorge bieten zu k\u00f6nnen, ist mein Terminkalender derzeit vollst\u00e4ndig ausgelastet. Aus diesem Grund kann ich aktuell leider keine neuen Kundinnen oder Kunden aufnehmen.\u00a0 Sobald wieder Kapazit\u00e4ten frei werden, informiere ich an dieser Stelle dar\u00fcber. Herzlichen Dank f\u00fcr Ihr Verst\u00e4ndnis. &hellip; <\/p>\n<p class=\"link-more\"><a href=\"https:\/\/verwoehnedeinefuesse.de\/de\/\" class=\"more-link\"><span class=\"screen-reader-text\">\u201eStartseite\u201c <\/span>weiterlesen<\/a><\/p>\n","protected":false},"author":1,"featured_media":0,"parent":0,"menu_order":0,"comment_status":"closed","ping_status":"closed","template":"","meta":{"footnotes":""},"class_list":["post-31","page","type-page","status-publish","hentry"],"_links":{"self":[{"href":"https:\/\/verwoehnedeinefuesse.de\/de\/wp-json\/wp\/v2\/pages\/31","targetHints":{"allow":["GET"]}}],"collection":[{"href":"https:\/\/verwoehnedeinefuesse.de\/de\/wp-json\/wp\/v2\/pages"}],"about":[{"href":"https:\/\/verwoehnedeinefuesse.de\/de\/wp-json\/wp\/v2\/types\/page"}],"author":[{"embeddable":true,"href":"https:\/\/verwoehnedeinefuesse.de\/de\/wp-json\/wp\/v2\/users\/1"}],"replies":[{"embeddable":true,"href":"https:\/\/verwoehnedeinefuesse.de\/de\/wp-json\/wp\/v2\/comments?post=31"}],"version-history":[{"count":27,"href":"https:\/\/verwoehnedeinefuesse.de\/de\/wp-json\/wp\/v2\/pages\/31\/revisions"}],"predecessor-version":[{"id":487,"href":"https:\/\/verwoehnedeinefuesse.de\/de\/wp-json\/wp\/v2\/pages\/31\/revisions\/487"}],"wp:attachment":[{"href":"https:\/\/verwoehnedeinefuesse.de\/de\/wp-json\/wp\/v2\/media?parent=31"}],"curies":[{"name":"wp","href":"https:\/\/api.w.org\/{rel}","templated":true}]}}