{"id":31,"date":"2020-07-19T17:00:37","date_gmt":"2020-07-19T16:00:37","guid":{"rendered":"http:\/\/verwoehnedeinefuesse.de\/?page_id=31"},"modified":"2026-01-15T21:26:34","modified_gmt":"2026-01-15T20:26:34","slug":"startseite","status":"publish","type":"page","link":"https:\/\/verwoehnedeinefuesse.de\/es\/","title":{"rendered":"Inicio"},"content":{"rendered":"<p><strong>15 de enero de 2016<\/strong><br \/>\n<strong>Para poder seguir ofreciendo a mis clientes el cuidado, la calidad y la atenci\u00f3n habituales, mi agenda est\u00e1 completamente llena en este momento. Por este motivo, lamentablemente no puedo aceptar nuevos clientes actualmente.\u00a0\u00a0<\/strong><br \/>\n<strong>Tan pronto como haya plazas disponibles, lo comunicar\u00e9 aqu\u00ed.<\/strong><br \/>\n<strong>Muchas gracias por su comprensi\u00f3n.<\/strong><\/p>\n<p><strong>Tu Aurora Albalat<\/strong><\/p>\n<p>&nbsp;<\/p>\n<p class=\"translation-block\"><strong><em>\u00bfTe sientes agotado, falto de energ\u00eda y abrumado por el estr\u00e9s?<br>\n\u00bfHas descuidado el cuidado de tus pies \u00faltimamente?<br>\n\u00bfCu\u00e1nto tiempo hace que no dedicas un momento para ti?<br>\n<strong><em>\u00bfBuscas una pedicura m\u00e9dica de calidad o un masaje relajante de pies?<\/em><\/strong><\/em><\/strong><\/em><\/strong><\/p>\n<p>Hola, mi nombre es <strong><em>Aurora Albalat<\/em><\/strong>, y en <strong><em>Verw\u00f6hne deine F\u00fc\u00dfe<\/em><\/strong> ayudo a las personas a cuidar su cuerpo y su mente a trav\u00e9s de los pies con una pedicura m\u00e9dica o un relajante masaje con aceites esenciales.<\/p>\n<p>En <strong><em>Verw\u00f6hne deine F\u00fc\u00dfe <\/em><\/strong>te ofrezco la experiencia \u00fanica de un masaje de pies con aceites esenciales, durante el cual sentir\u00e1s que todo su cuerpo te lo agradece. Experimentaras de inmediato el efecto relajante tanto en tu cuerpo como en tu mente.<\/p>\n<p>Para garantizar la m\u00e1xima eficacia del masaje, es importante eliminar de antemano cualquier barrera f\u00edsica en los pies, como piel callosa o durezas dolorosas, para que puedas disfrutar plenamente del toque curativo de mis manos.<\/p>\n<p>As\u00ed pues, en <strong>Verw\u00f6hne deine F\u00fc\u00dfe<\/strong> tambi\u00e9n puedes beneficiarte de una pedicura m\u00e9dica que no s\u00f3lo te embellece, sino que tambi\u00e9n favorece tu salud y bienestar.<\/p>\n<p>Combinando ambas opciones en una sola visita y conseguir\u00e1s que sus pies luzcan bonitos y se sientan lo mejor posible, tanto est\u00e9tica como energ\u00e9ticamente.<\/p>\n<p>En <strong>Verw\u00f6hne deine F\u00fc\u00dfe<\/strong> tu bienestar y relajaci\u00f3n a trav\u00e9s de sus pies son mi m\u00e1xima prioridad.<\/p>\n<p>&nbsp;<\/p>","protected":false},"excerpt":{"rendered":"<p>15. Januar 2026. Wichtiger Hinweis: Um meinen Kundinnen und Kunden weiterhin die gewohnte Sorgfalt, Qualit\u00e4t und F\u00fcrsorge bieten zu k\u00f6nnen, ist mein Terminkalender derzeit vollst\u00e4ndig ausgelastet. Aus diesem Grund kann ich aktuell leider keine neuen Kundinnen oder Kunden aufnehmen.\u00a0 Sobald wieder Kapazit\u00e4ten frei werden, informiere ich an dieser Stelle dar\u00fcber. Herzlichen Dank f\u00fcr Ihr Verst\u00e4ndnis. &hellip; <\/p>\n<p class=\"link-more\"><a href=\"https:\/\/verwoehnedeinefuesse.de\/es\/\" class=\"more-link\">Continuar leyendo<span class=\"screen-reader-text\"> &#8222;Startseite&#8220;<\/span><\/a><\/p>","protected":false},"author":1,"featured_media":0,"parent":0,"menu_order":0,"comment_status":"closed","ping_status":"closed","template":"","meta":{"footnotes":""},"class_list":["post-31","page","type-page","status-publish","hentry"],"_links":{"self":[{"href":"https:\/\/verwoehnedeinefuesse.de\/es\/wp-json\/wp\/v2\/pages\/31","targetHints":{"allow":["GET"]}}],"collection":[{"href":"https:\/\/verwoehnedeinefuesse.de\/es\/wp-json\/wp\/v2\/pages"}],"about":[{"href":"https:\/\/verwoehnedeinefuesse.de\/es\/wp-json\/wp\/v2\/types\/page"}],"author":[{"embeddable":true,"href":"https:\/\/verwoehnedeinefuesse.de\/es\/wp-json\/wp\/v2\/users\/1"}],"replies":[{"embeddable":true,"href":"https:\/\/verwoehnedeinefuesse.de\/es\/wp-json\/wp\/v2\/comments?post=31"}],"version-history":[{"count":27,"href":"https:\/\/verwoehnedeinefuesse.de\/es\/wp-json\/wp\/v2\/pages\/31\/revisions"}],"predecessor-version":[{"id":487,"href":"https:\/\/verwoehnedeinefuesse.de\/es\/wp-json\/wp\/v2\/pages\/31\/revisions\/487"}],"wp:attachment":[{"href":"https:\/\/verwoehnedeinefuesse.de\/es\/wp-json\/wp\/v2\/media?parent=31"}],"curies":[{"name":"wp","href":"https:\/\/api.w.org\/{rel}","templated":true}]}}